{"id":4564,"date":"2022-11-13T16:13:53","date_gmt":"2022-11-13T14:13:53","guid":{"rendered":"http:\/\/www.literaturtelefon-online.de\/?page_id=4564"},"modified":"2022-12-04T22:15:43","modified_gmt":"2022-12-04T20:15:43","slug":"simone-goldschmidt-lechner","status":"publish","type":"page","link":"http:\/\/www.literaturtelefon-online.de\/?page_id=4564","title":{"rendered":"Simon\u00e9 Goldschmidt-Lechner"},"content":{"rendered":"<div style=\"text-align: justify;\">\n<p>Am Literaturtelefon unter der Rufnummer 0431\/901-8888 und auf www.literaturtelefon-online.de liest Simon\u00e9 Goldschmidt-Lechner aus ihrem bei Matthes &amp; Seitz Berlin erschienenen Romandeb\u00fct <em>\u201eMesser, Zungen\u201c<\/em>. Die Aufnahme entstand im Rahmen der LeseLounge am 9.11.2022 im Literaturhaus Schleswig-Holstein.<\/p>\n<p><!--[if lt IE 9]><script>document.createElement('audio');<\/script><![endif]-->\n<audio class=\"wp-audio-shortcode\" id=\"audio-4564-1\" preload=\"none\" style=\"width: 100%;\" controls=\"controls\"><source type=\"audio\/mpeg\" src=\"http:\/\/www.literaturtelefon-online.de\/wp-content\/uploads\/2022\/11\/simone_goldschmidt-lechner_messer_zungen.mp3?_=1\" \/><a href=\"http:\/\/www.literaturtelefon-online.de\/wp-content\/uploads\/2022\/11\/simone_goldschmidt-lechner_messer_zungen.mp3\">http:\/\/www.literaturtelefon-online.de\/wp-content\/uploads\/2022\/11\/simone_goldschmidt-lechner_messer_zungen.mp3<\/a><\/audio><br \/>\n<br \/>\n<img loading=\"lazy\" decoding=\"async\" class=\"alignright size-full wp-image-4566\" style=\"margin-left: 40px;\" src=\"http:\/\/www.literaturtelefon-online.de\/wp-content\/uploads\/2022\/11\/simone_goldschmidt-lechner.jpg\" alt=\"\" width=\"300\" height=\"449\" srcset=\"http:\/\/www.literaturtelefon-online.de\/wp-content\/uploads\/2022\/11\/simone_goldschmidt-lechner.jpg 300w, http:\/\/www.literaturtelefon-online.de\/wp-content\/uploads\/2022\/11\/simone_goldschmidt-lechner-200x300.jpg 200w\" sizes=\"auto, (max-width: 300px) 100vw, 300px\" \/>Wie schnell manche Leben vergessen werden, und wie viele Generationen sie dennoch in den K\u00f6rpern derjenigen eingeschrieben bleiben, die nach ihnen kommen, sp\u00fcrt M\u00e4dchen, die Protagonistin in <em>\u201eMesser, Zungen\u201c<\/em>, am eigenen Leib. Sie merkt es an den Blicken, die sie streifen, an Bruder, der die Muttersprache nicht akzentfrei spricht, an den B\u00fcchern, in denen sie vergebens nach ihr gleichenden Figuren sucht. Aber alle Vergleiche m\u00fcssen zwangsl\u00e4ufig scheitern, fehlt M\u00e4dchen doch bis auf wenige fragmentarische Erinnerungen das Wissen \u00fcber ihre Ahnen, die weder in der offiziellen noch der famili\u00e4ren Geschichtsschreibung vorkommen.<\/p>\n<p>Aus losen F\u00e4den, Vergangenheitsbruchst\u00fccken und Mythen beginnt daher das Alter Ego der Autorin, sich den eigenen Stammbaum mit einer der Wirklichkeit in nichts nachstehenden Radikalit\u00e4t zu gestalten. Seine weit verzweigten, vielbl\u00e4ttrigen \u00c4ste reichen von der Cape-Coloured-Community in S\u00fcdafrika \u00fcber den Atlantik bis ins Deutschland der Gegenwart und r\u00e4umen erstmals auch jenen einen Platz ein, denen eine Geschichte und Stimme bisher verweigert wurden. Eine Frage nach Herkunft und \u201eHeimat\u201c und danach, welche Geschichten es braucht, um dem Vergessen zu entrinnen.<\/p>\n<p>Simon\u00e9 Goldschmidt-Lechner (sgl) schreibt, \u00fcbersetzt, macht Podcasts, besch\u00e4ftigt sich mit (queeren) Fankulturen im Netz, Horror aus postmigrantischer Perspektive, Sprache in Videospielen und gibt Workshops zu sozialpolitischen Themen. Sie war Finalistin beim open mike 2020, Stipendiatin der LCB-Autor:innenwerkstatt und im stART.up-Programm der Claussen-Simon-Stiftung sowie Teilnehmerin am Schreiblabor \u201eVergangenheit vorhersagen\u201c mit Luna Ali am Schauspielhaus D\u00fcsseldorf.<\/p>\n<p>Autorin: <a href=\"http:\/\/simon\u00e9.com\/\" target=\"_blank\" rel=\"noopener\">www.simon\u00e9.com<\/a><\/p>\n<p>Verlag: <a href=\"https:\/\/www.matthes-seitz-berlin.de\/buch\/messer-zungen.html?lid=1\" target=\"_blank\" rel=\"noopener\">Matthes &amp; Seitz<\/a><\/p>\n<p>Foto: Maik Gra\u0308f<\/p>\n<p>literaturtelefon-online.de | Telefon: 0431\/901-8888<\/p>\n<\/div>\n","protected":false},"excerpt":{"rendered":"<p>Am Literaturtelefon unter der Rufnummer 0431\/901-8888 und auf www.literaturtelefon-online.de liest Simon\u00e9 Goldschmidt-Lechner aus ihrem bei Matthes &amp; Seitz Berlin erschienenen Romandeb\u00fct \u201eMesser, Zungen\u201c. Die Aufnahme entstand im Rahmen der LeseLounge am 9.11.2022 im Literaturhaus Schleswig-Holstein. Wie schnell manche Leben vergessen werden, und wie viele Generationen sie dennoch in den K\u00f6rpern derjenigen eingeschrieben bleiben, die nach [&hellip;]<\/p>\n","protected":false},"author":6,"featured_media":0,"parent":4554,"menu_order":1,"comment_status":"closed","ping_status":"closed","template":"","meta":{"footnotes":""},"class_list":["post-4564","page","type-page","status-publish","hentry"],"_links":{"self":[{"href":"http:\/\/www.literaturtelefon-online.de\/index.php?rest_route=\/wp\/v2\/pages\/4564","targetHints":{"allow":["GET"]}}],"collection":[{"href":"http:\/\/www.literaturtelefon-online.de\/index.php?rest_route=\/wp\/v2\/pages"}],"about":[{"href":"http:\/\/www.literaturtelefon-online.de\/index.php?rest_route=\/wp\/v2\/types\/page"}],"author":[{"embeddable":true,"href":"http:\/\/www.literaturtelefon-online.de\/index.php?rest_route=\/wp\/v2\/users\/6"}],"replies":[{"embeddable":true,"href":"http:\/\/www.literaturtelefon-online.de\/index.php?rest_route=%2Fwp%2Fv2%2Fcomments&post=4564"}],"version-history":[{"count":4,"href":"http:\/\/www.literaturtelefon-online.de\/index.php?rest_route=\/wp\/v2\/pages\/4564\/revisions"}],"predecessor-version":[{"id":4578,"href":"http:\/\/www.literaturtelefon-online.de\/index.php?rest_route=\/wp\/v2\/pages\/4564\/revisions\/4578"}],"up":[{"embeddable":true,"href":"http:\/\/www.literaturtelefon-online.de\/index.php?rest_route=\/wp\/v2\/pages\/4554"}],"wp:attachment":[{"href":"http:\/\/www.literaturtelefon-online.de\/index.php?rest_route=%2Fwp%2Fv2%2Fmedia&parent=4564"}],"curies":[{"name":"wp","href":"https:\/\/api.w.org\/{rel}","templated":true}]}}