{"id":1282,"date":"2014-05-09T00:05:46","date_gmt":"2014-05-08T22:05:46","guid":{"rendered":"http:\/\/www.literaturtelefon-online.de\/?page_id=1282"},"modified":"2017-12-05T01:13:28","modified_gmt":"2017-12-04T23:13:28","slug":"sasa-stanisic","status":"publish","type":"page","link":"http:\/\/www.literaturtelefon-online.de\/?page_id=1282","title":{"rendered":"Sa\u0161a Stani\u0161ic"},"content":{"rendered":"<div style=\"text-align: justify;\">\n<p>Am Literaturtelefon unter 0431\/901-1156 und www.literaturtelefon-online.de liest Sa\u0161a Stani\u0161ic aus seinem bei Luchterhand erschienenen und mit dem Preis der Leipziger Buchmesse 2014 ausgezeichneten Roman \u201eVor dem Fest\u201c. Die Aufnahme entstand im Rahmen seiner Lesung im Literaturhaus Schleswig-Holstein am 8.5.2014.<\/p>\n<p><iframe loading=\"lazy\" title=\"Sa\u0161a Stani\u0161i\u0107: \u201eVor dem Fest&quot;\" width=\"500\" height=\"375\" src=\"https:\/\/www.youtube.com\/embed\/s7AEU8s-GM4?feature=oembed\" frameborder=\"0\" allow=\"accelerometer; autoplay; clipboard-write; encrypted-media; gyroscope; picture-in-picture; web-share\" referrerpolicy=\"strict-origin-when-cross-origin\" allowfullscreen><\/iframe><\/p>\n<p>Es ist die Nacht vor dem Fest im uckerm\u00e4rkischen F\u00fcrstenfelde. Das Dorf schl\u00e4ft. Bis auf einige Schlaflose, die alle etwas zu Ende bringen m\u00f6chten: Frau Kranz, die nachtblinde Malerin m\u00f6chte ihr Dorf zum ersten Mal in einem Nachtbild zeigen. Ein Gl\u00f6ckner und sein Lehrling wollen die Glocken l\u00e4uten, das Problem ist blo\u00df: die Glocken sind weg. Eine F\u00fcchsin sucht nach Eiern f\u00fcr ihre Jungen und der ehemalige NVA-Oberst Schramm findet mehr Gr\u00fcnde gegen das Leben als gegen das Rauchen. Keiner will den Einbruch ins Haus der Heimat beobachtet haben. Das Dorfarchiv steht aber offen. Doch nicht das, was gestohlen wurde, sondern das, was entkommen ist, treibt die Schlaflosen um. Alte Geschichten, Sagen und M\u00e4rchen ziehen mit den Menschen um die H\u00e4user.<\/p>\n<p><img loading=\"lazy\" decoding=\"async\" style=\"margin-left:40px;\" src=\"http:\/\/www.literaturtelefon-online.de\/wp-content\/uploads\/2014\/05\/sasa_stanisic.jpg\" alt=\"Sasa Stanisic\" width=\"140\" height=\"213\" class=\"alignright size-full wp-image-1287\" \/><\/p>\n<p>Sa\u0161a Stani\u0161ic (geb. 1978 in Vi\u0161egrad) lebt seit 1992 in Deutschland. Sein Deb\u00fctroman <a href=\"http:\/\/www.literaturtelefon-online.de\/beitrag-sasa_stanisisc\/beitrag-sasa_stanisisc.php\">\u201eWie der Soldat das Grammofon repariert\u201c<\/a> (Adelbert-von-Chamisso-Preis) begeisterte Leser und Kritik gleicherma\u00dfen. Ausz\u00fcge seines neuen Romans \u201eVor dem Fest\u201c wurden bereits vor dem Erscheinen mit dem Alfred-D\u00f6blin-Preis sowie dem Hohenemser Literaturpreis ausgezeichnet.<\/p>\n<p>Autor: <a href=\"http:\/\/f\u00fcrstenfelde.de\" target=\"_blank\">f\u00fcrstenfelde.de<\/a><\/p>\n<p>Verlag: <a href=\"http:\/\/www.randomhouse.de\/Buch\/Vor-dem-Fest-Roman\/Sasa-Stanisic\/e210016.rhd\" target=\"_blank\">Luchterhand<\/a><\/p>\n<p>Foto: Katja S\u00e4mann<\/p>\n<p>literaturtelefon-online.de | Telefon: 0431\/901-1156\n<\/p><\/div>\n","protected":false},"excerpt":{"rendered":"<p>Am Literaturtelefon unter 0431\/901-1156 und www.literaturtelefon-online.de liest Sa\u0161a Stani\u0161ic aus seinem bei Luchterhand erschienenen und mit dem Preis der Leipziger Buchmesse 2014 ausgezeichneten Roman \u201eVor dem Fest\u201c. Die Aufnahme entstand im Rahmen seiner Lesung im Literaturhaus Schleswig-Holstein am 8.5.2014. Es ist die Nacht vor dem Fest im uckerm\u00e4rkischen F\u00fcrstenfelde. Das Dorf schl\u00e4ft. Bis auf einige [&hellip;]<\/p>\n","protected":false},"author":6,"featured_media":0,"parent":1284,"menu_order":1,"comment_status":"open","ping_status":"open","template":"","meta":{"footnotes":""},"class_list":["post-1282","page","type-page","status-publish","hentry"],"_links":{"self":[{"href":"http:\/\/www.literaturtelefon-online.de\/index.php?rest_route=\/wp\/v2\/pages\/1282","targetHints":{"allow":["GET"]}}],"collection":[{"href":"http:\/\/www.literaturtelefon-online.de\/index.php?rest_route=\/wp\/v2\/pages"}],"about":[{"href":"http:\/\/www.literaturtelefon-online.de\/index.php?rest_route=\/wp\/v2\/types\/page"}],"author":[{"embeddable":true,"href":"http:\/\/www.literaturtelefon-online.de\/index.php?rest_route=\/wp\/v2\/users\/6"}],"replies":[{"embeddable":true,"href":"http:\/\/www.literaturtelefon-online.de\/index.php?rest_route=%2Fwp%2Fv2%2Fcomments&post=1282"}],"version-history":[{"count":7,"href":"http:\/\/www.literaturtelefon-online.de\/index.php?rest_route=\/wp\/v2\/pages\/1282\/revisions"}],"predecessor-version":[{"id":2629,"href":"http:\/\/www.literaturtelefon-online.de\/index.php?rest_route=\/wp\/v2\/pages\/1282\/revisions\/2629"}],"up":[{"embeddable":true,"href":"http:\/\/www.literaturtelefon-online.de\/index.php?rest_route=\/wp\/v2\/pages\/1284"}],"wp:attachment":[{"href":"http:\/\/www.literaturtelefon-online.de\/index.php?rest_route=%2Fwp%2Fv2%2Fmedia&parent=1282"}],"curies":[{"name":"wp","href":"https:\/\/api.w.org\/{rel}","templated":true}]}}