{"id":1264,"date":"2014-04-16T06:07:25","date_gmt":"2014-04-16T04:07:25","guid":{"rendered":"http:\/\/www.literaturtelefon-online.de\/?page_id=1264"},"modified":"2017-12-05T01:11:59","modified_gmt":"2017-12-04T23:11:59","slug":"manfred-schlueter","status":"publish","type":"page","link":"http:\/\/www.literaturtelefon-online.de\/?page_id=1264","title":{"rendered":"Manfred Schl\u00fcter"},"content":{"rendered":"<div style=\"text-align: justify;\">\n<p>Am Literaturtelefon unter 0431\/901-1156 und www.literaturtelefon-online.de liest Manfred Schl\u00fcter aus seinem Prosatext \u201eVom Fischer, der ein K\u00fcnstler war\u201c. Die Aufnahme entstand im Rahmen einer Lesung 2014 im Literaturhaus Schleswig-Holstein.<\/p>\n<p><iframe loading=\"lazy\" title=\"Manfred Schlu\u0308ter: \u201eVom Fischer, der ein Ku\u0308nstler war&quot;\" width=\"500\" height=\"375\" src=\"https:\/\/www.youtube.com\/embed\/84OUm9wQR5w?feature=oembed\" frameborder=\"0\" allow=\"accelerometer; autoplay; clipboard-write; encrypted-media; gyroscope; picture-in-picture; web-share\" referrerpolicy=\"strict-origin-when-cross-origin\" allowfullscreen><\/iframe><\/p>\n<p>Manfred Schl\u00fcter, geb. 1953 in Kellinghusen, verfasste Lyrik und Kinderb\u00fccher. Werke (zuletzt): \u201eHerr Schwarz und Frau Wei\u00df\u201c, Boje Verlag 2007, \u201eVom Fischer, der ein K\u00fcnstler war\u201c, mixtvision Verlag 2011, \u201eDas Perpezudum oder Wie der alte Morawitz das Perpetuum mobile erfand\u201c, Edition Gegenwind 2013, \u201eUnd drau\u00dfen war die Welt\u201c, Bd. 1 und 2, MS edition 2013.<\/p>\n<p><img loading=\"lazy\" decoding=\"async\" style=\"margin-left:40px;\" src=\"http:\/\/www.literaturtelefon-online.de\/wp-content\/uploads\/2014\/04\/manfred_schlueter.jpg\" alt=\"manfred_schlueter\" width=\"140\" height=\"133\" class=\"alignright size-full wp-image-1251\" \/><\/p>\n<p>Schl\u00fcter absolvierte eine Tiefdruckretuscheur-Lehre und ein Grafik-Design-Studium in Hamburg. Seit 1976 ist er freier Maler und Grafiker. Ausstellungen und Ver\u00f6ffentlichungen im In- und Ausland. Seit 1980 Bilder f\u00fcr B\u00fccher und seit 1991 B\u00fccher mit eigenen Texten. Seit 1987 Veranstaltungen in Bibliotheken, Schulen und Kinderg\u00e4rten. Manfred Schl\u00fcter lebt und arbeitet in Hillgroven, Dithmarschen. Neben seinen zeichnerischen Arbeiten und Bilderb\u00fcchern baut er auch Objekte aus Strandholz.<\/p>\n<p>Auszeichnungen (Auswahl):<br \/>\n2008: Friedrich-B\u00f6decker-Preis<br \/>\n2011: Buch des Monats (f\u00fcr \u201eVom Fischer, der kein K\u00fcnstler war\u201c), Deutsche Akademie f\u00fcr Kinder- und Jugendliteratur in Volkach<\/p>\n<p>Autor: <a href=\"http:\/\/www.manfred-schlueter.com\" target=\"_blank\">www.manfred-schlueter.com<\/a><\/p>\n<p>literaturtelefon-online.de | Telefon: 0431\/901-1156\n<\/p><\/div>\n","protected":false},"excerpt":{"rendered":"<p>Am Literaturtelefon unter 0431\/901-1156 und www.literaturtelefon-online.de liest Manfred Schl\u00fcter aus seinem Prosatext \u201eVom Fischer, der ein K\u00fcnstler war\u201c. Die Aufnahme entstand im Rahmen einer Lesung 2014 im Literaturhaus Schleswig-Holstein. Manfred Schl\u00fcter, geb. 1953 in Kellinghusen, verfasste Lyrik und Kinderb\u00fccher. Werke (zuletzt): \u201eHerr Schwarz und Frau Wei\u00df\u201c, Boje Verlag 2007, \u201eVom Fischer, der ein K\u00fcnstler war\u201c, [&hellip;]<\/p>\n","protected":false},"author":6,"featured_media":0,"parent":1238,"menu_order":2,"comment_status":"open","ping_status":"open","template":"","meta":{"footnotes":""},"class_list":["post-1264","page","type-page","status-publish","hentry"],"_links":{"self":[{"href":"http:\/\/www.literaturtelefon-online.de\/index.php?rest_route=\/wp\/v2\/pages\/1264","targetHints":{"allow":["GET"]}}],"collection":[{"href":"http:\/\/www.literaturtelefon-online.de\/index.php?rest_route=\/wp\/v2\/pages"}],"about":[{"href":"http:\/\/www.literaturtelefon-online.de\/index.php?rest_route=\/wp\/v2\/types\/page"}],"author":[{"embeddable":true,"href":"http:\/\/www.literaturtelefon-online.de\/index.php?rest_route=\/wp\/v2\/users\/6"}],"replies":[{"embeddable":true,"href":"http:\/\/www.literaturtelefon-online.de\/index.php?rest_route=%2Fwp%2Fv2%2Fcomments&post=1264"}],"version-history":[{"count":6,"href":"http:\/\/www.literaturtelefon-online.de\/index.php?rest_route=\/wp\/v2\/pages\/1264\/revisions"}],"predecessor-version":[{"id":2627,"href":"http:\/\/www.literaturtelefon-online.de\/index.php?rest_route=\/wp\/v2\/pages\/1264\/revisions\/2627"}],"up":[{"embeddable":true,"href":"http:\/\/www.literaturtelefon-online.de\/index.php?rest_route=\/wp\/v2\/pages\/1238"}],"wp:attachment":[{"href":"http:\/\/www.literaturtelefon-online.de\/index.php?rest_route=%2Fwp%2Fv2%2Fmedia&parent=1264"}],"curies":[{"name":"wp","href":"https:\/\/api.w.org\/{rel}","templated":true}]}}